
{"id":2214,"date":"2018-03-29T19:27:30","date_gmt":"2018-03-29T17:27:30","guid":{"rendered":"https:\/\/radiomuseum-rheinland.de\/unserramu\/stammtisch-treffen\/2005-2009\/13-stammtisch-13-09-2008\/"},"modified":"2018-04-03T16:49:50","modified_gmt":"2018-04-03T14:49:50","slug":"13-stammtisch-13-09-2008","status":"publish","type":"page","link":"https:\/\/radiomuseum-rheinland.de\/unserramu\/stammtisch-treffen\/2005-2009\/13-stammtisch-13-09-2008\/","title":{"rendered":"13. Stammtisch &#8211; 13.09.2008"},"content":{"rendered":"<p>&nbsp;<\/p>\n<h3>Am 13. September 2008 trafen sich 20 Radiosammler aus ganz Deutschland bei unserem Kollegen Markus Kothen in Viersen am sch\u00f6nen Niederrhein.<\/h3>\n<p>&nbsp;<\/p>\n<p>Begr\u00fc\u00dfung der Teilnehmer, Vorstellung neuer Mitglieder und Bekanntgabe der &#8222;Tagesthemen&#8220; durch Holger Pflug.<\/p>\n<div id='gallery-1' class='gallery galleryid-2214 gallery-columns-6 gallery-size-thumbnail'><figure class='gallery-item'>\n\t\t\t<div class='gallery-icon landscape'>\n\t\t\t\t<a href='https:\/\/radiomuseum-rheinland.de\/unserramu\/wp-content\/uploads\/2018\/04\/stammtisch-radiomuseum-sep-2008-001.jpg' rel=\"lightbox[2214]\"><img loading=\"lazy\" decoding=\"async\" width=\"220\" height=\"220\" src=\"https:\/\/radiomuseum-rheinland.de\/unserramu\/wp-content\/uploads\/2018\/04\/stammtisch-radiomuseum-sep-2008-001-220x220.jpg\" class=\"attachment-thumbnail size-thumbnail\" alt=\"\" \/><\/a>\n\t\t\t<\/div><\/figure><figure class='gallery-item'>\n\t\t\t<div class='gallery-icon landscape'>\n\t\t\t\t<a href='https:\/\/radiomuseum-rheinland.de\/unserramu\/wp-content\/uploads\/2018\/04\/stammtisch-radiomuseum-sep-2008-002.jpg' rel=\"lightbox[2214]\"><img loading=\"lazy\" decoding=\"async\" width=\"220\" height=\"220\" src=\"https:\/\/radiomuseum-rheinland.de\/unserramu\/wp-content\/uploads\/2018\/04\/stammtisch-radiomuseum-sep-2008-002-220x220.jpg\" class=\"attachment-thumbnail size-thumbnail\" alt=\"\" \/><\/a>\n\t\t\t<\/div><\/figure><figure class='gallery-item'>\n\t\t\t<div class='gallery-icon landscape'>\n\t\t\t\t<a href='https:\/\/radiomuseum-rheinland.de\/unserramu\/wp-content\/uploads\/2018\/04\/stammtisch-radiomuseum-sep-2008-003.jpg' rel=\"lightbox[2214]\"><img loading=\"lazy\" decoding=\"async\" width=\"220\" height=\"220\" src=\"https:\/\/radiomuseum-rheinland.de\/unserramu\/wp-content\/uploads\/2018\/04\/stammtisch-radiomuseum-sep-2008-003-220x220.jpg\" class=\"attachment-thumbnail size-thumbnail\" alt=\"\" \/><\/a>\n\t\t\t<\/div><\/figure><figure class='gallery-item'>\n\t\t\t<div class='gallery-icon portrait'>\n\t\t\t\t<a href='https:\/\/radiomuseum-rheinland.de\/unserramu\/wp-content\/uploads\/2018\/04\/stammtisch-radiomuseum-sep-2008-004.jpg' rel=\"lightbox[2214]\"><img loading=\"lazy\" decoding=\"async\" width=\"220\" height=\"220\" src=\"https:\/\/radiomuseum-rheinland.de\/unserramu\/wp-content\/uploads\/2018\/04\/stammtisch-radiomuseum-sep-2008-004-220x220.jpg\" class=\"attachment-thumbnail size-thumbnail\" alt=\"\" \/><\/a>\n\t\t\t<\/div><\/figure>\n\t\t<\/div>\n\n<p>&nbsp;<\/p>\n<p>&nbsp;<\/p>\n<p>Es wurde ein Wettbewerb ausgeschrieben:<\/p>\n<p>Das sch\u00f6nste Kofferger\u00e4t mit Batteriebetrieb &#8211; hergestellt zwischen dem 1. Januar 1960 und dem 31.12.1969.<\/p>\n<div id='gallery-2' class='gallery galleryid-2214 gallery-columns-6 gallery-size-thumbnail'><figure class='gallery-item'>\n\t\t\t<div class='gallery-icon portrait'>\n\t\t\t\t<a href='https:\/\/radiomuseum-rheinland.de\/unserramu\/wp-content\/uploads\/2018\/04\/stammtisch-radiomuseum-sep-2008-005.jpg' rel=\"lightbox[2214]\"><img loading=\"lazy\" decoding=\"async\" width=\"220\" height=\"220\" src=\"https:\/\/radiomuseum-rheinland.de\/unserramu\/wp-content\/uploads\/2018\/04\/stammtisch-radiomuseum-sep-2008-005-220x220.jpg\" class=\"attachment-thumbnail size-thumbnail\" alt=\"\" \/><\/a>\n\t\t\t<\/div><\/figure><figure class='gallery-item'>\n\t\t\t<div class='gallery-icon portrait'>\n\t\t\t\t<a href='https:\/\/radiomuseum-rheinland.de\/unserramu\/wp-content\/uploads\/2018\/04\/stammtisch-radiomuseum-sep-2008-006.jpg' rel=\"lightbox[2214]\"><img loading=\"lazy\" decoding=\"async\" width=\"220\" height=\"220\" src=\"https:\/\/radiomuseum-rheinland.de\/unserramu\/wp-content\/uploads\/2018\/04\/stammtisch-radiomuseum-sep-2008-006-220x220.jpg\" class=\"attachment-thumbnail size-thumbnail\" alt=\"\" \/><\/a>\n\t\t\t<\/div><\/figure><figure class='gallery-item'>\n\t\t\t<div class='gallery-icon landscape'>\n\t\t\t\t<a href='https:\/\/radiomuseum-rheinland.de\/unserramu\/wp-content\/uploads\/2018\/04\/stammtisch-radiomuseum-sep-2008-007.jpg' rel=\"lightbox[2214]\"><img loading=\"lazy\" decoding=\"async\" width=\"220\" height=\"220\" src=\"https:\/\/radiomuseum-rheinland.de\/unserramu\/wp-content\/uploads\/2018\/04\/stammtisch-radiomuseum-sep-2008-007-220x220.jpg\" class=\"attachment-thumbnail size-thumbnail\" alt=\"\" \/><\/a>\n\t\t\t<\/div><\/figure><figure class='gallery-item'>\n\t\t\t<div class='gallery-icon landscape'>\n\t\t\t\t<a href='https:\/\/radiomuseum-rheinland.de\/unserramu\/wp-content\/uploads\/2018\/04\/stammtisch-radiomuseum-sep-2008-008.jpg' rel=\"lightbox[2214]\"><img loading=\"lazy\" decoding=\"async\" width=\"220\" height=\"220\" src=\"https:\/\/radiomuseum-rheinland.de\/unserramu\/wp-content\/uploads\/2018\/04\/stammtisch-radiomuseum-sep-2008-008-220x220.jpg\" class=\"attachment-thumbnail size-thumbnail\" alt=\"\" \/><\/a>\n\t\t\t<\/div><\/figure>\n\t\t<\/div>\n\n<p>Die Ger\u00e4te werden begutachtet,\u00a0 Punkte vergeben,\u00a0\u00a0 \u00a0 \u00a0\u00a0\u00a0\u00a0\u00a0\u00a0\u00a0\u00a0\u00a0\u00a0\u00a0\u00a0\u00a0\u00a0\u00a0\u00a0\u00a0 &#8230; \u00a0\u00a0\u00a0\u00a0\u00a0\u00a0\u00a0\u00a0\u00a0\u00a0\u00a0\u00a0\u00a0\u00a0\u00a0\u00a0\u00a0 Und schlie\u00dflich: Der Gewinner<\/p>\n<p>&nbsp;<\/p>\n<p>&nbsp;<\/p>\n<p>Inzwischen in Markus` s Werkstatt:<\/p>\n<div id='gallery-3' class='gallery galleryid-2214 gallery-columns-6 gallery-size-thumbnail'><figure class='gallery-item'>\n\t\t\t<div class='gallery-icon landscape'>\n\t\t\t\t<a href='https:\/\/radiomuseum-rheinland.de\/unserramu\/wp-content\/uploads\/2018\/04\/stammtisch-radiomuseum-sep-2008-009.jpg' rel=\"lightbox[2214]\"><img loading=\"lazy\" decoding=\"async\" width=\"220\" height=\"220\" src=\"https:\/\/radiomuseum-rheinland.de\/unserramu\/wp-content\/uploads\/2018\/04\/stammtisch-radiomuseum-sep-2008-009-220x220.jpg\" class=\"attachment-thumbnail size-thumbnail\" alt=\"\" \/><\/a>\n\t\t\t<\/div><\/figure><figure class='gallery-item'>\n\t\t\t<div class='gallery-icon landscape'>\n\t\t\t\t<a href='https:\/\/radiomuseum-rheinland.de\/unserramu\/wp-content\/uploads\/2018\/04\/stammtisch-radiomuseum-sep-2008-010.jpg' rel=\"lightbox[2214]\"><img loading=\"lazy\" decoding=\"async\" width=\"220\" height=\"220\" src=\"https:\/\/radiomuseum-rheinland.de\/unserramu\/wp-content\/uploads\/2018\/04\/stammtisch-radiomuseum-sep-2008-010-220x220.jpg\" class=\"attachment-thumbnail size-thumbnail\" alt=\"\" \/><\/a>\n\t\t\t<\/div><\/figure><figure class='gallery-item'>\n\t\t\t<div class='gallery-icon landscape'>\n\t\t\t\t<a href='https:\/\/radiomuseum-rheinland.de\/unserramu\/wp-content\/uploads\/2018\/04\/stammtisch-radiomuseum-sep-2008-011.jpg' rel=\"lightbox[2214]\"><img loading=\"lazy\" decoding=\"async\" width=\"220\" height=\"220\" src=\"https:\/\/radiomuseum-rheinland.de\/unserramu\/wp-content\/uploads\/2018\/04\/stammtisch-radiomuseum-sep-2008-011-220x220.jpg\" class=\"attachment-thumbnail size-thumbnail\" alt=\"\" \/><\/a>\n\t\t\t<\/div><\/figure><figure class='gallery-item'>\n\t\t\t<div class='gallery-icon landscape'>\n\t\t\t\t<a href='https:\/\/radiomuseum-rheinland.de\/unserramu\/wp-content\/uploads\/2018\/04\/stammtisch-radiomuseum-sep-2008-012.jpg' rel=\"lightbox[2214]\"><img loading=\"lazy\" decoding=\"async\" width=\"220\" height=\"220\" src=\"https:\/\/radiomuseum-rheinland.de\/unserramu\/wp-content\/uploads\/2018\/04\/stammtisch-radiomuseum-sep-2008-012-220x220.jpg\" class=\"attachment-thumbnail size-thumbnail\" alt=\"\" \/><\/a>\n\t\t\t<\/div><\/figure>\n\t\t<\/div>\n\n<p>&nbsp;<\/p>\n<p>&nbsp;<\/p>\n<p>&nbsp;<\/p>\n<p>&nbsp;<\/p>\n","protected":false},"excerpt":{"rendered":"<p>&nbsp; Am 13. September 2008 trafen sich 20 Radiosammler aus ganz Deutschland bei unserem Kollegen Markus Kothen in Viersen am sch\u00f6nen Niederrhein. &nbsp; Begr\u00fc\u00dfung der Teilnehmer, Vorstellung neuer Mitglieder und Bekanntgabe der &#8222;Tagesthemen&#8220; durch Holger Pflug. &nbsp; &nbsp; Es wurde ein Wettbewerb ausgeschrieben: Das sch\u00f6nste Kofferger\u00e4t mit Batteriebetrieb &#8211; hergestellt zwischen dem 1. Januar 1960 &hellip; <a href=\"https:\/\/radiomuseum-rheinland.de\/unserramu\/stammtisch-treffen\/2005-2009\/13-stammtisch-13-09-2008\/\" class=\"more-link\"><span class=\"screen-reader-text\">13. Stammtisch &#8211; 13.09.2008<\/span> weiterlesen <span class=\"meta-nav\">&rarr;<\/span><\/a><\/p>\n","protected":false},"author":1,"featured_media":0,"parent":331,"menu_order":22,"comment_status":"closed","ping_status":"closed","template":"","meta":{"footnotes":""},"class_list":["post-2214","page","type-page","status-publish","hentry"],"_links":{"self":[{"href":"https:\/\/radiomuseum-rheinland.de\/unserramu\/wp-json\/wp\/v2\/pages\/2214","targetHints":{"allow":["GET"]}}],"collection":[{"href":"https:\/\/radiomuseum-rheinland.de\/unserramu\/wp-json\/wp\/v2\/pages"}],"about":[{"href":"https:\/\/radiomuseum-rheinland.de\/unserramu\/wp-json\/wp\/v2\/types\/page"}],"author":[{"embeddable":true,"href":"https:\/\/radiomuseum-rheinland.de\/unserramu\/wp-json\/wp\/v2\/users\/1"}],"replies":[{"embeddable":true,"href":"https:\/\/radiomuseum-rheinland.de\/unserramu\/wp-json\/wp\/v2\/comments?post=2214"}],"version-history":[{"count":12,"href":"https:\/\/radiomuseum-rheinland.de\/unserramu\/wp-json\/wp\/v2\/pages\/2214\/revisions"}],"predecessor-version":[{"id":2469,"href":"https:\/\/radiomuseum-rheinland.de\/unserramu\/wp-json\/wp\/v2\/pages\/2214\/revisions\/2469"}],"up":[{"embeddable":true,"href":"https:\/\/radiomuseum-rheinland.de\/unserramu\/wp-json\/wp\/v2\/pages\/331"}],"wp:attachment":[{"href":"https:\/\/radiomuseum-rheinland.de\/unserramu\/wp-json\/wp\/v2\/media?parent=2214"}],"curies":[{"name":"wp","href":"https:\/\/api.w.org\/{rel}","templated":true}]}}